{"id":1190,"date":"2019-04-01T05:27:47","date_gmt":"2019-04-01T05:27:47","guid":{"rendered":"https:\/\/2019.managua.wordcamp.org\/?post_type=wcb_session&#038;p=1190"},"modified":"2019-04-06T18:00:35","modified_gmt":"2019-04-06T18:00:35","slug":"inteligencia-artificial-y-el-futuro-de-marketing","status":"publish","type":"wcb_session","link":"https:\/\/managua.wordcamp.org\/2019\/session\/inteligencia-artificial-y-el-futuro-de-marketing\/","title":{"rendered":"Inteligencia Artificial y el Futuro de Marketing"},"content":{"rendered":"\n<p class=\"wp-block-paragraph\">Con m\u00e1s de seis a\u00f1os de experiencia en mercadeo digital, actualmente manejando m\u00e1s de medio mill\u00f3n de d\u00f3lares en portafolio mensual, Yamil Amed Abud compartir\u00e1 la trayectoria de online marketing de la \u00faltima d\u00e9cada a la fecha haciendo \u00e9nfasis en el desarrollo de inteligencia artificial y su impacto, analizando las impresionantes estrategias empresariales de hoy en d\u00eda y las proyecciones para el a\u00f1o 2020. <\/p>\n","protected":false},"excerpt":{"rendered":"<p>Con m\u00e1s de seis a\u00f1os de experiencia en mercadeo digital, actualmente manejando m\u00e1s de medio mill\u00f3n de d\u00f3lares en portafolio mensual, Yamil Amed Abud compartir\u00e1 la trayectoria de online marketing de la \u00faltima d\u00e9cada a la fecha haciendo \u00e9nfasis en &hellip; <a href=\"https:\/\/managua.wordcamp.org\/2019\/session\/inteligencia-artificial-y-el-futuro-de-marketing\/\">Sigue leyendo <span class=\"assistive-text\">Inteligencia Artificial y el Futuro de Marketing<\/span>  <span class=\"meta-nav\">&rarr;<\/span><\/a><\/p>\n","protected":false},"author":15490985,"featured_media":0,"template":"","meta":{"_crdt_document":"","jetpack_post_was_ever_published":false,"_wcpt_session_time":1558824000,"_wcpt_session_duration":3000,"_wcpt_session_type":"session","_wcpt_session_slides":"","_wcpt_session_video":"","_wcpt_speaker_id":[1108],"footnotes":""},"session_track":[15878],"session_category":[385609],"class_list":["post-1190","wcb_session","type-wcb_session","status-publish","hentry","wcb_track-central","wcb_session_category-charla"],"jetpack_sharing_enabled":true,"jetpack_shortlink":"https:\/\/wp.me\/paxzxb-jc","session_date_time":{"date":"mayo 25, 2019","time":"4:40 pm"},"session_speakers":[{"id":"1108","slug":"yamil-amed-abud","name":"Yamil Amed Abud","link":"https:\/\/managua.wordcamp.org\/2019\/speaker\/yamil-amed-abud\/"}],"session_cats_rendered":"Charla","_links":{"self":[{"href":"https:\/\/managua.wordcamp.org\/2019\/wp-json\/wp\/v2\/sessions\/1190","targetHints":{"allow":["GET"]}}],"collection":[{"href":"https:\/\/managua.wordcamp.org\/2019\/wp-json\/wp\/v2\/sessions"}],"about":[{"href":"https:\/\/managua.wordcamp.org\/2019\/wp-json\/wp\/v2\/types\/wcb_session"}],"author":[{"embeddable":true,"href":"https:\/\/managua.wordcamp.org\/2019\/wp-json\/wp\/v2\/users\/15490985"}],"version-history":[{"count":1,"href":"https:\/\/managua.wordcamp.org\/2019\/wp-json\/wp\/v2\/sessions\/1190\/revisions"}],"predecessor-version":[{"id":1191,"href":"https:\/\/managua.wordcamp.org\/2019\/wp-json\/wp\/v2\/sessions\/1190\/revisions\/1191"}],"speakers":[{"embeddable":true,"href":"https:\/\/managua.wordcamp.org\/2019\/wp-json\/wp\/v2\/speakers\/1108"}],"wp:attachment":[{"href":"https:\/\/managua.wordcamp.org\/2019\/wp-json\/wp\/v2\/media?parent=1190"}],"wp:term":[{"taxonomy":"wcb_track","embeddable":true,"href":"https:\/\/managua.wordcamp.org\/2019\/wp-json\/wp\/v2\/session_track?post=1190"},{"taxonomy":"wcb_session_category","embeddable":true,"href":"https:\/\/managua.wordcamp.org\/2019\/wp-json\/wp\/v2\/session_category?post=1190"}],"curies":[{"name":"wp","href":"https:\/\/api.w.org\/{rel}","templated":true}]}}