{"id":1102,"date":"2019-04-01T03:30:33","date_gmt":"2019-04-01T03:30:33","guid":{"rendered":"https:\/\/2019.managua.wordcamp.org\/?post_type=wcb_speaker&#038;p=1102"},"modified":"2019-04-02T02:22:05","modified_gmt":"2019-04-02T02:22:05","slug":"alessandra-altamirano-barreda","status":"publish","type":"wcb_speaker","link":"https:\/\/managua.wordcamp.org\/2019\/speaker\/alessandra-altamirano-barreda\/","title":{"rendered":"Alessandra Altamirano Barreda"},"content":{"rendered":"\n<p class=\"wp-block-paragraph\">Ingeniera en Sistemas. Inici\u00f3 su carrera profesional en el a\u00f1o 2002 en la empresa XEROX de Nicaragua, como supervisor de impresi\u00f3n en la elaboraci\u00f3n de las boletas electorales para los comicios que tuvieron lugar ese a\u00f1o.<\/p>\n\n\n\n<!--more-->\n\n\n\n<p class=\"wp-block-paragraph\">En el a\u00f1o 2004 trabaj\u00f3 en Tiendas Carri\u00f3n, con el cargo de auditora interna, primero de bodega central y posteriormente de las cuatro tiendas de Managua. A finales de ese mismo a\u00f1o, tuvo que renunciar a su empleo para viajar a Cuba, debido a problemas de salud de su hijo.<\/p>\n\n\n\n<p class=\"wp-block-paragraph\">En noviembre de 2006 regres\u00f3 a Nicaragua, y comenz\u00f3 a trabajar en la delegaci\u00f3n de INETER del departamento de Estel\u00ed, con el cargo de Administradora de Red. En 2008, Alessandra aplic\u00f3 para una convocatoria de INETER central, fue seleccionada y consecuentemente se traslad\u00f3 a vivir a Managua, asumiendo el cargo de Administradora del Sistema Gr\u00e1fico del SIT &#8211; PRODEP. Programa financiado y supervisado por el Banco Mundial.<\/p>\n\n\n\n<p class=\"wp-block-paragraph\">Sus funciones eran las de administrar equipos y redes, administrar informaci\u00f3n digital, llevar y traer informaci\u00f3n f\u00edsica de los departamentos, archivar informaci\u00f3n hist\u00f3rica para alimentar las bases de datos, controlar la calidad de los datos actualizados, coordinar y supervisar la producci\u00f3n. Adem\u00e1s de asignar usuarios y contrase\u00f1as, revisar estado de los equipos f\u00edsicos e instalar programas. Las cuales desempe\u00f1\u00f3 hasta el Septiembre del 2012, ya que por problemas de incompatibilidad con personas a cargo del proyecto se vi\u00f3 obligada a retirarse del puesto.<\/p>\n\n\n\n<p class=\"wp-block-paragraph\">Durante el periodo 2013-2017 se desempe\u00f1\u00f3 como consultora independiente llevando registros de actividad contable para peque\u00f1as empresas, realizando mantenimiento y actualizaci\u00f3n de equipos y software para clientes particulares.<\/p>\n\n\n\n<p class=\"wp-block-paragraph\">En Marzo de 2018 es contratada por una empresa Americana, radicada en Phoenix Arizona, como tester para plataformas en desarrollo. A finales de ese mismo a\u00f1o fue promovida a Jefe del departamento de Qa, en el cual se desempe\u00f1a actualmente, dirigiendo el proceso de ejecuci\u00f3n de pruebas de modelos de negocios multinivel y capacitando al personal entrante.<\/p>\n","protected":false},"excerpt":{"rendered":"<p>Ingeniera en Sistemas. Inici\u00f3 su carrera profesional en el a\u00f1o 2002 en la empresa XEROX de Nicaragua, como supervisor de impresi\u00f3n en la elaboraci\u00f3n de las boletas electorales para los comicios que tuvieron lugar ese a\u00f1o.<\/p>\n","protected":false},"author":15490985,"featured_media":0,"comment_status":"closed","ping_status":"closed","template":"","meta":{"_crdt_document":"","jetpack_post_was_ever_published":false,"_wcpt_user_name":"","footnotes":""},"speaker_group":[],"class_list":["post-1102","wcb_speaker","type-wcb_speaker","status-publish","hentry"],"jetpack_sharing_enabled":true,"jetpack_shortlink":"https:\/\/wp.me\/paxzxb-hM","avatar_urls":{"24":"https:\/\/secure.gravatar.com\/avatar\/5ac6f188a8f7ad7e4b23821d4186ff2c7e815f0c4c3a60f0c2dcc6968032fc1e?s=24&d=mm&r=g","48":"https:\/\/secure.gravatar.com\/avatar\/5ac6f188a8f7ad7e4b23821d4186ff2c7e815f0c4c3a60f0c2dcc6968032fc1e?s=48&d=mm&r=g","96":"https:\/\/secure.gravatar.com\/avatar\/5ac6f188a8f7ad7e4b23821d4186ff2c7e815f0c4c3a60f0c2dcc6968032fc1e?s=96&d=mm&r=g","128":"https:\/\/secure.gravatar.com\/avatar\/5ac6f188a8f7ad7e4b23821d4186ff2c7e815f0c4c3a60f0c2dcc6968032fc1e?s=128&d=mm&r=g","256":"https:\/\/secure.gravatar.com\/avatar\/5ac6f188a8f7ad7e4b23821d4186ff2c7e815f0c4c3a60f0c2dcc6968032fc1e?s=256&d=mm&r=g","512":"https:\/\/secure.gravatar.com\/avatar\/5ac6f188a8f7ad7e4b23821d4186ff2c7e815f0c4c3a60f0c2dcc6968032fc1e?s=512&d=mm&r=g"},"_links":{"self":[{"href":"https:\/\/managua.wordcamp.org\/2019\/wp-json\/wp\/v2\/speakers\/1102","targetHints":{"allow":["GET"]}}],"collection":[{"href":"https:\/\/managua.wordcamp.org\/2019\/wp-json\/wp\/v2\/speakers"}],"about":[{"href":"https:\/\/managua.wordcamp.org\/2019\/wp-json\/wp\/v2\/types\/wcb_speaker"}],"author":[{"embeddable":true,"href":"https:\/\/managua.wordcamp.org\/2019\/wp-json\/wp\/v2\/users\/15490985"}],"replies":[{"embeddable":true,"href":"https:\/\/managua.wordcamp.org\/2019\/wp-json\/wp\/v2\/comments?post=1102"}],"version-history":[{"count":1,"href":"https:\/\/managua.wordcamp.org\/2019\/wp-json\/wp\/v2\/speakers\/1102\/revisions"}],"predecessor-version":[{"id":1103,"href":"https:\/\/managua.wordcamp.org\/2019\/wp-json\/wp\/v2\/speakers\/1102\/revisions\/1103"}],"sessions":[{"embeddable":true,"href":"https:\/\/managua.wordcamp.org\/2019\/wp-json\/wp\/v2\/sessions\/1258?_embed=1&context=view"}],"wp:attachment":[{"href":"https:\/\/managua.wordcamp.org\/2019\/wp-json\/wp\/v2\/media?parent=1102"}],"wp:term":[{"taxonomy":"wcb_speaker_group","embeddable":true,"href":"https:\/\/managua.wordcamp.org\/2019\/wp-json\/wp\/v2\/speaker_group?post=1102"}],"curies":[{"name":"wp","href":"https:\/\/api.w.org\/{rel}","templated":true}]}}