{"id":764,"date":"2019-03-24T22:39:36","date_gmt":"2019-03-24T22:39:36","guid":{"rendered":"https:\/\/2019.managua.wordcamp.org\/?post_type=wcb_speaker&#038;p=764"},"modified":"2019-04-01T03:15:53","modified_gmt":"2019-04-01T03:15:53","slug":"carlos-roberto-fonseca","status":"publish","type":"wcb_speaker","link":"https:\/\/managua.wordcamp.org\/2019\/speaker\/carlos-roberto-fonseca\/","title":{"rendered":"Carlos Roberto Fonseca"},"content":{"rendered":"\n<p class=\"wp-block-paragraph\">Carlos es dise\u00f1ador de Productos Digitales e investigador de Experiencia de Usuario (UX). <\/p>\n\n\n\n<!--more-->\n\n\n\n<p class=\"wp-block-paragraph\">Con experiencia en gerencia de proyectos digitales, consultorias de mercadeo digital y m\u00e1s de 14 a\u00f1os de carrera profesional para compa\u00f1\u00edas y organizaciones en Estados Unidos, Nicaragua, Honduras, El Salvador y Dinamarca. <\/p>\n\n\n\n<p class=\"wp-block-paragraph\">Ha contribuido al desarrollo de plataformas de e-commerce, dashboards de marketing de referrido, aplicaciones m\u00f3viles y sitios corporativos.  M\u00e1ster en Tecnolog\u00eda de la Informaci\u00f3n (especialidad en Arquitectura de la Informaci\u00f3n) en la Universidad de Aalborg, Dinamarca. Fellowship en Periodismo Digital en la Academia Internacional de Periodismo (Intajour) en Hamburgo, Alemania. Licenciatura en Ciencias de la Comunicaci\u00f3n Social en la Universidad Centroamericana (UCA), Managua, Nicaragua. <\/p>\n","protected":false},"excerpt":{"rendered":"<p>Carlos es dise\u00f1ador de Productos Digitales e investigador de Experiencia de Usuario (UX).<\/p>\n","protected":false},"author":15490985,"featured_media":0,"comment_status":"closed","ping_status":"closed","template":"","meta":{"_crdt_document":"","jetpack_post_was_ever_published":false,"_wcpt_user_name":"czeroberto","footnotes":""},"speaker_group":[34288],"class_list":["post-764","wcb_speaker","type-wcb_speaker","status-publish","hentry","wcb_speaker_group-diseno"],"jetpack_sharing_enabled":true,"jetpack_shortlink":"https:\/\/wp.me\/paxzxb-ck","avatar_urls":{"24":"https:\/\/secure.gravatar.com\/avatar\/53a2f52ba760459a20678976fe64424ec82a966bba6522b33b349a0a8e0bc0f7?s=24&d=mm&r=g","48":"https:\/\/secure.gravatar.com\/avatar\/53a2f52ba760459a20678976fe64424ec82a966bba6522b33b349a0a8e0bc0f7?s=48&d=mm&r=g","96":"https:\/\/secure.gravatar.com\/avatar\/53a2f52ba760459a20678976fe64424ec82a966bba6522b33b349a0a8e0bc0f7?s=96&d=mm&r=g","128":"https:\/\/secure.gravatar.com\/avatar\/53a2f52ba760459a20678976fe64424ec82a966bba6522b33b349a0a8e0bc0f7?s=128&d=mm&r=g","256":"https:\/\/secure.gravatar.com\/avatar\/53a2f52ba760459a20678976fe64424ec82a966bba6522b33b349a0a8e0bc0f7?s=256&d=mm&r=g","512":"https:\/\/secure.gravatar.com\/avatar\/53a2f52ba760459a20678976fe64424ec82a966bba6522b33b349a0a8e0bc0f7?s=512&d=mm&r=g"},"_links":{"self":[{"href":"https:\/\/managua.wordcamp.org\/2019\/wp-json\/wp\/v2\/speakers\/764","targetHints":{"allow":["GET"]}}],"collection":[{"href":"https:\/\/managua.wordcamp.org\/2019\/wp-json\/wp\/v2\/speakers"}],"about":[{"href":"https:\/\/managua.wordcamp.org\/2019\/wp-json\/wp\/v2\/types\/wcb_speaker"}],"author":[{"embeddable":true,"href":"https:\/\/managua.wordcamp.org\/2019\/wp-json\/wp\/v2\/users\/15490985"}],"replies":[{"embeddable":true,"href":"https:\/\/managua.wordcamp.org\/2019\/wp-json\/wp\/v2\/comments?post=764"}],"version-history":[{"count":4,"href":"https:\/\/managua.wordcamp.org\/2019\/wp-json\/wp\/v2\/speakers\/764\/revisions"}],"predecessor-version":[{"id":1082,"href":"https:\/\/managua.wordcamp.org\/2019\/wp-json\/wp\/v2\/speakers\/764\/revisions\/1082"}],"sessions":[{"embeddable":true,"href":"https:\/\/managua.wordcamp.org\/2019\/wp-json\/wp\/v2\/sessions\/1327?_embed=1&context=view"},{"embeddable":true,"href":"https:\/\/managua.wordcamp.org\/2019\/wp-json\/wp\/v2\/sessions\/1324?_embed=1&context=view"}],"wp:attachment":[{"href":"https:\/\/managua.wordcamp.org\/2019\/wp-json\/wp\/v2\/media?parent=764"}],"wp:term":[{"taxonomy":"wcb_speaker_group","embeddable":true,"href":"https:\/\/managua.wordcamp.org\/2019\/wp-json\/wp\/v2\/speaker_group?post=764"}],"curies":[{"name":"wp","href":"https:\/\/api.w.org\/{rel}","templated":true}]}}